{"id":21429,"date":"2024-09-26T15:38:51","date_gmt":"2024-09-26T15:38:51","guid":{"rendered":"https:\/\/evafont.com\/?page_id=21429"},"modified":"2025-06-16T15:24:08","modified_gmt":"2025-06-16T15:24:08","slug":"arabesc","status":"publish","type":"page","link":"http:\/\/evafont.com\/index.php\/arabesc\/","title":{"rendered":"ARABESC"},"content":{"rendered":"<section class=\"wpb-content-wrapper\"><p>[vc_row row_type=&#8221;row&#8221; use_row_as_full_screen_section=&#8221;no&#8221; type=&#8221;full_width&#8221; text_align=&#8221;left&#8221; background_color=&#8221;#ffffff&#8221; css_animation=&#8221;&#8221;][vc_column][vc_row_inner row_type=&#8221;row&#8221; type=&#8221;grid&#8221; use_row_as_full_screen_section_slide=&#8221;no&#8221; text_align=&#8221;left&#8221; padding_top=&#8221;80&#8243; padding_bottom=&#8221;80&#8243; css_animation=&#8221;&#8221;][vc_column_inner width=&#8221;1\/2&#8243;][vc_column_text]<\/p>\n<h2>Disseny d&#8217;estampats pintats a m\u00e0<\/h2>\n<p>[\/vc_column_text][vc_separator type=&#8221;transparent&#8221; border_style=&#8221;&#8221; up=&#8221;40&#8243; down=&#8221;0&#8243;][vc_column_text]Arabesc \u00e9s passi\u00f3 per fer all\u00f2 que m&#8217;agrada, \u00e9s delicadesa per fer-ho a m\u00e0. \u00c9s cuidar cada detall, \u00e9s escoltar-te i traduir all\u00f2 que necessites comunicar. El resultat \u00e9s una identitat \u00fanica, a m\u00e0 i a mida.<\/p>\n<p>&nbsp;<\/p>\n<p>Tinc productes propis que venc en fires o a l&#8217;espai ef\u00edmer (c. Gurb, 60 de Vic).<\/p>\n<p>&nbsp;<\/p>\n<p>Tamb\u00e9 accepto enc\u00e0rrecs de productes i\/o estampats personalitzats.<\/p>\n<p>&nbsp;<\/p>\n<p>&nbsp;<\/p>\n<h3>Ho pots veure a: <a href=\"http:\/\/www.arabesc.cat\">www.arabesc.cat<\/a><\/h3>\n<p>[\/vc_column_text][vc_single_image image=&#8221;21357&#8243; alignment=&#8221;center&#8221; onclick=&#8221;custom_link&#8221; qode_css_animation=&#8221;&#8221; link=&#8221;http:\/\/arabesc.cat&#8221;][\/vc_column_inner][vc_column_inner width=&#8221;1\/2&#8243;][vc_single_image image=&#8221;21114&#8243; img_size=&#8221;full&#8221; qode_css_animation=&#8221;&#8221;][\/vc_column_inner][\/vc_row_inner][\/vc_column][\/vc_row][vc_row row_type=&#8221;row&#8221; use_row_as_full_screen_section=&#8221;no&#8221; type=&#8221;full_width&#8221; text_align=&#8221;left&#8221; css_animation=&#8221;&#8221;][vc_column][vc_column_text]<\/p>\n<h2 style=\"text-align: center; font-size: 20px;\">Fes una ullada als productes \u00fanics i pr\u00f2pis d&#8217;Arabesc<\/h2>\n<p>[\/vc_column_text]<div class='portfolio_slider_holder clearfix'><div class='portfolio_slider'><ul class='portfolio_slides'><li class='item'><div class='image_holder'><span class='image'><img loading=\"lazy\" decoding=\"async\" width=\"550\" height=\"498\" src=\"http:\/\/evafont.com\/wp-content\/uploads\/2024\/09\/llit-550x498.jpg\" class=\"attachment-portfolio-default size-portfolio-default wp-post-image\" alt=\"\" srcset=\"http:\/\/evafont.com\/wp-content\/uploads\/2024\/09\/llit-550x498.jpg 550w, http:\/\/evafont.com\/wp-content\/uploads\/2024\/09\/llit-480x434.jpg 480w, http:\/\/evafont.com\/wp-content\/uploads\/2024\/09\/llit-125x112.jpg 125w\" sizes=\"auto, (max-width: 550px) 100vw, 550px\" \/><\/span><a class='portfolio_link_class' href='http:\/\/evafont.com\/index.php\/portfolio_page\/productes\/' target='_self'><\/a><div class=\"portfolio_shader\"><\/div><div class=\"text_holder\"><span class=\"project_category\"><span>In <\/span>Arabesc<\/span><h3 class=\"portfolio_title\">Llit<\/h3><\/div><div class=\"icons_holder\"><div class=\"icons_holder_inner\"><\/div><\/div><\/div><\/li><li class='item'><div class='image_holder'><span class='image'><img loading=\"lazy\" decoding=\"async\" width=\"550\" height=\"498\" src=\"http:\/\/evafont.com\/wp-content\/uploads\/2024\/09\/carla-550x498.jpg\" class=\"attachment-portfolio-default size-portfolio-default wp-post-image\" alt=\"\" srcset=\"http:\/\/evafont.com\/wp-content\/uploads\/2024\/09\/carla-550x498.jpg 550w, http:\/\/evafont.com\/wp-content\/uploads\/2024\/09\/carla-480x434.jpg 480w, http:\/\/evafont.com\/wp-content\/uploads\/2024\/09\/carla-125x112.jpg 125w\" sizes=\"auto, (max-width: 550px) 100vw, 550px\" \/><\/span><a class='portfolio_link_class' href='http:\/\/evafont.com\/index.php\/portfolio_page\/mocador\/' target='_self'><\/a><div class=\"portfolio_shader\"><\/div><div class=\"text_holder\"><span class=\"project_category\"><span>In <\/span>Arabesc<\/span><h3 class=\"portfolio_title\">Mocador<\/h3><\/div><div class=\"icons_holder\"><div class=\"icons_holder_inner\"><\/div><\/div><\/div><\/li><li class='item'><div class='image_holder'><span class='image'><img loading=\"lazy\" decoding=\"async\" width=\"550\" height=\"498\" src=\"http:\/\/evafont.com\/wp-content\/uploads\/2024\/09\/got-550x498.jpg\" class=\"attachment-portfolio-default size-portfolio-default wp-post-image\" alt=\"\" srcset=\"http:\/\/evafont.com\/wp-content\/uploads\/2024\/09\/got-550x498.jpg 550w, http:\/\/evafont.com\/wp-content\/uploads\/2024\/09\/got-480x434.jpg 480w, http:\/\/evafont.com\/wp-content\/uploads\/2024\/09\/got-125x112.jpg 125w\" sizes=\"auto, (max-width: 550px) 100vw, 550px\" \/><\/span><a class='portfolio_link_class' href='http:\/\/evafont.com\/index.php\/portfolio_page\/got\/' target='_self'><\/a><div class=\"portfolio_shader\"><\/div><div class=\"text_holder\"><span class=\"project_category\"><span>In <\/span>Arabesc<\/span><h3 class=\"portfolio_title\">Got<\/h3><\/div><div class=\"icons_holder\"><div class=\"icons_holder_inner\"><\/div><\/div><\/div><\/li><li class='item'><div class='image_holder'><span class='image'><img loading=\"lazy\" decoding=\"async\" width=\"550\" height=\"498\" src=\"http:\/\/evafont.com\/wp-content\/uploads\/2024\/09\/llibreta-copia-550x498.jpg\" class=\"attachment-portfolio-default size-portfolio-default wp-post-image\" alt=\"\" srcset=\"http:\/\/evafont.com\/wp-content\/uploads\/2024\/09\/llibreta-copia-550x498.jpg 550w, http:\/\/evafont.com\/wp-content\/uploads\/2024\/09\/llibreta-copia-480x434.jpg 480w, http:\/\/evafont.com\/wp-content\/uploads\/2024\/09\/llibreta-copia-125x112.jpg 125w\" sizes=\"auto, (max-width: 550px) 100vw, 550px\" \/><\/span><a class='portfolio_link_class' href='http:\/\/evafont.com\/index.php\/portfolio_page\/llibreta\/' target='_self'><\/a><div class=\"portfolio_shader\"><\/div><div class=\"text_holder\"><span class=\"project_category\"><span>In <\/span>Arabesc<\/span><h3 class=\"portfolio_title\">Llibreta<\/h3><\/div><div class=\"icons_holder\"><div class=\"icons_holder_inner\"><\/div><\/div><\/div><\/li><li class='item'><div class='image_holder'><span class='image'><img loading=\"lazy\" decoding=\"async\" width=\"550\" height=\"498\" src=\"http:\/\/evafont.com\/wp-content\/uploads\/2024\/09\/etiqueta_jojoba-550x498.jpg\" class=\"attachment-portfolio-default size-portfolio-default wp-post-image\" alt=\"\" srcset=\"http:\/\/evafont.com\/wp-content\/uploads\/2024\/09\/etiqueta_jojoba-550x498.jpg 550w, http:\/\/evafont.com\/wp-content\/uploads\/2024\/09\/etiqueta_jojoba-480x434.jpg 480w, http:\/\/evafont.com\/wp-content\/uploads\/2024\/09\/etiqueta_jojoba-125x112.jpg 125w\" sizes=\"auto, (max-width: 550px) 100vw, 550px\" \/><\/span><a class='portfolio_link_class' href='http:\/\/evafont.com\/index.php\/portfolio_page\/etiqueta\/' target='_self'><\/a><div class=\"portfolio_shader\"><\/div><div class=\"text_holder\"><span class=\"project_category\"><span>In <\/span>Arabesc<\/span><h3 class=\"portfolio_title\">Etiqueta<\/h3><\/div><div class=\"icons_holder\"><div class=\"icons_holder_inner\"><\/div><\/div><\/div><\/li><li class='item'><div class='image_holder'><span class='image'><img loading=\"lazy\" decoding=\"async\" width=\"550\" height=\"498\" src=\"http:\/\/evafont.com\/wp-content\/uploads\/2014\/07\/faju20191107-295-550x498.jpg\" class=\"attachment-portfolio-default size-portfolio-default wp-post-image\" alt=\"\" srcset=\"http:\/\/evafont.com\/wp-content\/uploads\/2014\/07\/faju20191107-295-550x498.jpg 550w, http:\/\/evafont.com\/wp-content\/uploads\/2014\/07\/faju20191107-295-480x434.jpg 480w, http:\/\/evafont.com\/wp-content\/uploads\/2014\/07\/faju20191107-295-125x112.jpg 125w\" sizes=\"auto, (max-width: 550px) 100vw, 550px\" \/><\/span><a class='portfolio_link_class' href='http:\/\/evafont.com\/index.php\/portfolio_page\/caixa\/' target='_self'><\/a><div class=\"portfolio_shader\"><\/div><div class=\"text_holder\"><span class=\"project_category\"><span>In <\/span>Arabesc<\/span><h3 class=\"portfolio_title\">Caixa<\/h3><\/div><div class=\"icons_holder\"><div class=\"icons_holder_inner\"><\/div><\/div><\/div><\/li><\/ul><\/div><\/div>[\/vc_column][vc_column][\/vc_column][\/vc_row][vc_row row_type=&#8221;row&#8221; use_row_as_full_screen_section=&#8221;no&#8221; type=&#8221;full_width&#8221; text_align=&#8221;left&#8221; css_animation=&#8221;&#8221;][vc_column]<div class=\"call_to_action normal\" style=\"background-color: #f5f5f5;\"><div class=\"container_inner\"><div class=\"two_columns_75_25 clearfix\"><div class=\"text_wrapper column1\"><div class=\"call_to_action_text\" style=\"\"><\/p>\n<h2 style=\"font-size: 20px;\">Qu\u00e8 necessites? Vols que en parlem?<\/h2>\n<p><\/div><\/div><div class=\"button_wrapper column2\"><a href=\"https:\/\/evafont.com\/index.php\/contacte\/\" class=\"qbutton \" target=\"_self\" style=\"color:#ffffff;border-color:#1ecad3;background-color: #1ecad3;\" data-hover-background-color=#393939  data-hover-border-color=#393939  data-hover-color=#ffffff>CONTACTA'M!<\/a><\/div><\/div><\/div><\/div>[\/vc_column][\/vc_row]<\/p>\n<\/section>","protected":false},"excerpt":{"rendered":"<p>[vc_row row_type=&#8221;row&#8221; use_row_as_full_screen_section=&#8221;no&#8221; type=&#8221;full_width&#8221; text_align=&#8221;left&#8221; background_color=&#8221;#ffffff&#8221; css_animation=&#8221;&#8221;][vc_column][vc_row_inner row_type=&#8221;row&#8221; type=&#8221;grid&#8221; use_row_as_full_screen_section_slide=&#8221;no&#8221; text_align=&#8221;left&#8221; padding_top=&#8221;80&#8243; padding_bottom=&#8221;80&#8243; css_animation=&#8221;&#8221;][vc_column_inner width=&#8221;1\/2&#8243;][vc_column_text] Disseny d&#8217;estampats pintats a m\u00e0 [\/vc_column_text][vc_separator type=&#8221;transparent&#8221; border_style=&#8221;&#8221; up=&#8221;40&#8243; down=&#8221;0&#8243;][vc_column_text]Arabesc \u00e9s passi\u00f3 per fer all\u00f2 que m&#8217;agrada, \u00e9s delicadesa per fer-ho a m\u00e0. \u00c9s cuidar cada detall, \u00e9s escoltar-te i&#8230;<\/p>\n","protected":false},"author":1,"featured_media":0,"parent":0,"menu_order":0,"comment_status":"closed","ping_status":"closed","template":"full_width.php","meta":{"_joinchat":[],"footnotes":""},"class_list":["post-21429","page","type-page","status-publish","hentry"],"yoast_head":"<!-- This site is optimized with the Yoast SEO plugin v25.4 - https:\/\/yoast.com\/wordpress\/plugins\/seo\/ -->\n<title>Eva Font Morat\u00f3 | Estampats personalitzats pintats a m\u00e0<\/title>\n<meta name=\"description\" content=\"Estampats pintats a m\u00e0 amb passi\u00f3 i detall. Productes \u00fanics i enc\u00e0rrecs personalitzats amb dissenys exclusius per a tasses, llen\u00e7ols, llibretes i m\u00e9s!\" \/>\n<meta name=\"robots\" content=\"index, follow, max-snippet:-1, max-image-preview:large, max-video-preview:-1\" \/>\n<link rel=\"canonical\" href=\"https:\/\/evafont.com\/index.php\/arabesc\/\" \/>\n<meta property=\"og:locale\" content=\"ca_ES\" \/>\n<meta property=\"og:type\" content=\"article\" \/>\n<meta property=\"og:title\" content=\"Eva Font Morat\u00f3 | Estampats personalitzats pintats a m\u00e0\" \/>\n<meta property=\"og:description\" content=\"Estampats pintats a m\u00e0 amb passi\u00f3 i detall. Productes \u00fanics i enc\u00e0rrecs personalitzats amb dissenys exclusius per a tasses, llen\u00e7ols, llibretes i m\u00e9s!\" \/>\n<meta property=\"og:url\" content=\"https:\/\/evafont.com\/index.php\/arabesc\/\" \/>\n<meta property=\"og:site_name\" content=\"Eva Font Morat\u00f3\" \/>\n<meta property=\"article:modified_time\" content=\"2025-06-16T15:24:08+00:00\" \/>\n<meta name=\"twitter:card\" content=\"summary_large_image\" \/>\n<meta name=\"twitter:label1\" content=\"Temps estimat de lectura\" \/>\n\t<meta name=\"twitter:data1\" content=\"2 minuts\" \/>\n<script type=\"application\/ld+json\" class=\"yoast-schema-graph\">{\"@context\":\"https:\/\/schema.org\",\"@graph\":[{\"@type\":\"WebPage\",\"@id\":\"https:\/\/evafont.com\/index.php\/arabesc\/\",\"url\":\"https:\/\/evafont.com\/index.php\/arabesc\/\",\"name\":\"Eva Font Morat\u00f3 | Estampats personalitzats pintats a m\u00e0\",\"isPartOf\":{\"@id\":\"http:\/\/evafont.com\/#website\"},\"datePublished\":\"2024-09-26T15:38:51+00:00\",\"dateModified\":\"2025-06-16T15:24:08+00:00\",\"description\":\"Estampats pintats a m\u00e0 amb passi\u00f3 i detall. Productes \u00fanics i enc\u00e0rrecs personalitzats amb dissenys exclusius per a tasses, llen\u00e7ols, llibretes i m\u00e9s!\",\"breadcrumb\":{\"@id\":\"https:\/\/evafont.com\/index.php\/arabesc\/#breadcrumb\"},\"inLanguage\":\"ca\",\"potentialAction\":[{\"@type\":\"ReadAction\",\"target\":[\"https:\/\/evafont.com\/index.php\/arabesc\/\"]}]},{\"@type\":\"BreadcrumbList\",\"@id\":\"https:\/\/evafont.com\/index.php\/arabesc\/#breadcrumb\",\"itemListElement\":[{\"@type\":\"ListItem\",\"position\":1,\"name\":\"Inici\",\"item\":\"http:\/\/evafont.com\/\"},{\"@type\":\"ListItem\",\"position\":2,\"name\":\"ARABESC\"}]},{\"@type\":\"WebSite\",\"@id\":\"http:\/\/evafont.com\/#website\",\"url\":\"http:\/\/evafont.com\/\",\"name\":\"Eva Font Morat\u00f3\",\"description\":\"Disseny gr\u00e0fic\",\"potentialAction\":[{\"@type\":\"SearchAction\",\"target\":{\"@type\":\"EntryPoint\",\"urlTemplate\":\"http:\/\/evafont.com\/?s={search_term_string}\"},\"query-input\":{\"@type\":\"PropertyValueSpecification\",\"valueRequired\":true,\"valueName\":\"search_term_string\"}}],\"inLanguage\":\"ca\"}]}<\/script>\n<!-- \/ Yoast SEO plugin. -->","yoast_head_json":{"title":"Eva Font Morat\u00f3 | Estampats personalitzats pintats a m\u00e0","description":"Estampats pintats a m\u00e0 amb passi\u00f3 i detall. Productes \u00fanics i enc\u00e0rrecs personalitzats amb dissenys exclusius per a tasses, llen\u00e7ols, llibretes i m\u00e9s!","robots":{"index":"index","follow":"follow","max-snippet":"max-snippet:-1","max-image-preview":"max-image-preview:large","max-video-preview":"max-video-preview:-1"},"canonical":"https:\/\/evafont.com\/index.php\/arabesc\/","og_locale":"ca_ES","og_type":"article","og_title":"Eva Font Morat\u00f3 | Estampats personalitzats pintats a m\u00e0","og_description":"Estampats pintats a m\u00e0 amb passi\u00f3 i detall. Productes \u00fanics i enc\u00e0rrecs personalitzats amb dissenys exclusius per a tasses, llen\u00e7ols, llibretes i m\u00e9s!","og_url":"https:\/\/evafont.com\/index.php\/arabesc\/","og_site_name":"Eva Font Morat\u00f3","article_modified_time":"2025-06-16T15:24:08+00:00","twitter_card":"summary_large_image","twitter_misc":{"Temps estimat de lectura":"2 minuts"},"schema":{"@context":"https:\/\/schema.org","@graph":[{"@type":"WebPage","@id":"https:\/\/evafont.com\/index.php\/arabesc\/","url":"https:\/\/evafont.com\/index.php\/arabesc\/","name":"Eva Font Morat\u00f3 | Estampats personalitzats pintats a m\u00e0","isPartOf":{"@id":"http:\/\/evafont.com\/#website"},"datePublished":"2024-09-26T15:38:51+00:00","dateModified":"2025-06-16T15:24:08+00:00","description":"Estampats pintats a m\u00e0 amb passi\u00f3 i detall. Productes \u00fanics i enc\u00e0rrecs personalitzats amb dissenys exclusius per a tasses, llen\u00e7ols, llibretes i m\u00e9s!","breadcrumb":{"@id":"https:\/\/evafont.com\/index.php\/arabesc\/#breadcrumb"},"inLanguage":"ca","potentialAction":[{"@type":"ReadAction","target":["https:\/\/evafont.com\/index.php\/arabesc\/"]}]},{"@type":"BreadcrumbList","@id":"https:\/\/evafont.com\/index.php\/arabesc\/#breadcrumb","itemListElement":[{"@type":"ListItem","position":1,"name":"Inici","item":"http:\/\/evafont.com\/"},{"@type":"ListItem","position":2,"name":"ARABESC"}]},{"@type":"WebSite","@id":"http:\/\/evafont.com\/#website","url":"http:\/\/evafont.com\/","name":"Eva Font Morat\u00f3","description":"Disseny gr\u00e0fic","potentialAction":[{"@type":"SearchAction","target":{"@type":"EntryPoint","urlTemplate":"http:\/\/evafont.com\/?s={search_term_string}"},"query-input":{"@type":"PropertyValueSpecification","valueRequired":true,"valueName":"search_term_string"}}],"inLanguage":"ca"}]}},"_links":{"self":[{"href":"http:\/\/evafont.com\/index.php\/wp-json\/wp\/v2\/pages\/21429","targetHints":{"allow":["GET"]}}],"collection":[{"href":"http:\/\/evafont.com\/index.php\/wp-json\/wp\/v2\/pages"}],"about":[{"href":"http:\/\/evafont.com\/index.php\/wp-json\/wp\/v2\/types\/page"}],"author":[{"embeddable":true,"href":"http:\/\/evafont.com\/index.php\/wp-json\/wp\/v2\/users\/1"}],"replies":[{"embeddable":true,"href":"http:\/\/evafont.com\/index.php\/wp-json\/wp\/v2\/comments?post=21429"}],"version-history":[{"count":11,"href":"http:\/\/evafont.com\/index.php\/wp-json\/wp\/v2\/pages\/21429\/revisions"}],"predecessor-version":[{"id":21530,"href":"http:\/\/evafont.com\/index.php\/wp-json\/wp\/v2\/pages\/21429\/revisions\/21530"}],"wp:attachment":[{"href":"http:\/\/evafont.com\/index.php\/wp-json\/wp\/v2\/media?parent=21429"}],"curies":[{"name":"wp","href":"https:\/\/api.w.org\/{rel}","templated":true}]}}